{"id":422,"date":"2013-04-15T22:46:41","date_gmt":"2013-04-15T20:46:41","guid":{"rendered":"http:\/\/imalanc.ro\/w\/?page_id=422"},"modified":"2017-03-28T22:22:14","modified_gmt":"2017-03-28T20:22:14","slug":"kozossegi-oldalak","status":"publish","type":"page","link":"https:\/\/imalanc.ro\/w\/kezdolap\/kozossegi-oldalak\/","title":{"rendered":"K\u00f6z\u00f6ss\u00e9gi oldalak"},"content":{"rendered":"<h3>Honlapok:<\/h3>\n<p><a href=\"https:\/\/imalanc.ro\/w\/wp-content\/uploads\/Gyulafehervari-Ersekseg.jpg\"><img loading=\"lazy\" decoding=\"async\" class=\"alignleft wp-image-6941 \" title=\"Gyulafeh\u00e9rv\u00e1ri R\u00f3mai Katolikus \u00c9rseks\u00e9g\" src=\"https:\/\/imalanc.ro\/w\/wp-content\/uploads\/Gyulafehervari-Ersekseg.jpg\" alt=\"Gyulafeh\u00e9rv\u00e1ri R\u00f3mai Katolikus \u00c9rseks\u00e9g\" width=\"41\" height=\"48\" \/><\/a><\/p>\n<p><a href=\"http:\/\/www.ersekseg.ro\/\" target=\"_blank\">Gyulafeh\u00e9rv\u00e1ri R\u00f3mai Katolikus \u00c9rseks\u00e9g<\/a><br \/>\n<em>www.ersekseg.ro<\/em><\/p>\n<p><a href=\"https:\/\/imalanc.ro\/w\/wp-content\/uploads\/Romkat-ro.jpg\"><img loading=\"lazy\" decoding=\"async\" class=\"wp-image-14416 size-full alignleft\" title=\"Erd\u00e9lyben szerkesztett katolikus port\u00e1l\" src=\"https:\/\/imalanc.ro\/w\/wp-content\/uploads\/Romkat-ro.jpg\" width=\"75\" height=\"49\" \/><\/a><a href=\"http:\/\/www.romkat.ro\/\" target=\"_blank\">Erd\u00e9lyben szerkesztett katolikus port\u00e1l<br \/>\n<\/a><cite class=\"_Rm\">www.romkat.ro<\/cite><\/p>\n<p class=\"r\"><a href=\"https:\/\/imalanc.ro\/w\/wp-content\/uploads\/Szatmari-Puspokseg-1.jpg\"><img loading=\"lazy\" decoding=\"async\" class=\"alignleft wp-image-6947 \" title=\"Szatm\u00e1ri R\u00f3mai-Katolikus P\u00fcsp\u00f6ks\u00e9g\" src=\"https:\/\/imalanc.ro\/w\/wp-content\/uploads\/Szatmari-Puspokseg-1.jpg\" alt=\"Szatm\u00e1ri R\u00f3mai-Katolikus P\u00fcsp\u00f6ks\u00e9g\" width=\"46\" height=\"43\" \/><\/a><a href=\"http:\/\/www.szatmariegyhazmegye.ro\" target=\"_blank\">Szatm\u00e1ri r\u00f3mai katolikus egyh\u00e1zmegye<\/a><br \/>\n<em>www.<cite class=\"_Rm\">szatmariegyhazmegye.ro<\/cite><\/em><\/p>\n<p class=\"r\"><a href=\"https:\/\/imalanc.ro\/w\/wp-content\/uploads\/csalad-logo-web-kicsi-compressor.jpg\"><img loading=\"lazy\" decoding=\"async\" class=\"wp-image-14412 alignleft\" title=\"Gyulafeh\u00e9rv\u00e1ri Csal\u00e1dpasztor\u00e1ci\u00f3s K\u00f6zpont\" src=\"https:\/\/imalanc.ro\/w\/wp-content\/uploads\/csalad-logo-web-kicsi-compressor.jpg\" width=\"45\" height=\"49\" \/><\/a><a href=\"http:\/\/www.csalad.ro\" target=\"_blank\">Gyulafeh\u00e9rv\u00e1ri Csal\u00e1dpasztor\u00e1ci\u00f3s K\u00f6zpont<br \/>\n<\/a><em>www.csalad.ro<\/em><\/p>\n<h3 class=\"r\">Facebook:<\/h3>\n<p><a href=\"https:\/\/imalanc.ro\/w\/wp-content\/uploads\/nagyvarad_egyhazmegye.jpg\"><img loading=\"lazy\" decoding=\"async\" class=\"alignleft wp-image-6949 \" title=\"Nagyv\u00e1radi R\u00f3mai-Katolikus Egyh\u00e1zmegye.\" src=\"https:\/\/imalanc.ro\/w\/wp-content\/uploads\/nagyvarad_egyhazmegye.jpg\" alt=\"Nagyv\u00e1radi R\u00f3mai-Katolikus Egyh\u00e1zmegye.\" width=\"40\" height=\"48\" \/><\/a><span class=\"fwb fcg\" data-ft=\"{&quot;tn&quot;:&quot;;&quot;}\"><a id=\"js_m\" href=\"https:\/\/www.facebook.com\/nagyvaradi.egyhazmegye\" target=\"_blank\" data-hovercard=\"\/ajax\/hovercard\/user.php?id=100001523152799&amp;extragetparams=%7B%22fref%22%3A%22nf%22%7D\">Nagyv\u00e1radi R\u00f3mai Katolikus Egyh\u00e1zmegye<\/a><\/span><br \/>\n<em>https:\/\/www.facebook.com\/nagyvaradi.egyhazmegye<\/em><\/p>\n<p><span class=\"fwb fcg\" data-ft=\"{&quot;tn&quot;:&quot;;&quot;}\"><a href=\"https:\/\/imalanc.ro\/w\/wp-content\/uploads\/Orban-Laci-facebook.jpg\"><img loading=\"lazy\" decoding=\"async\" class=\"alignleft wp-image-6948 \" title=\"Orb\u00e1n L\u00e1szl\u00f3 Brar\u00e1ti K\u00f6r.\" src=\"https:\/\/imalanc.ro\/w\/wp-content\/uploads\/Orban-Laci-facebook.jpg\" alt=\"Orb\u00e1n L\u00e1szl\u00f3 Brar\u00e1ti K\u00f6r.\" width=\"45\" height=\"45\" \/><\/a><\/span><\/p>\n<p><span class=\"fwb fcg\" data-ft=\"{&quot;tn&quot;:&quot;;&quot;}\"><a href=\"https:\/\/www.facebook.com\/profile.php?id=100001523152799&amp;fref=ts\" target=\"_blank\">Orb\u00e1n L\u00e1szl\u00f3 Bar\u00e1ti K\u00f6r<br \/>\n<\/a><\/span><em>https:\/\/www.facebook.com\/orb\u00e1n l\u00e1szl\u00f3 bar\u00e1ti k\u00f6r<\/em><\/p>\n<p><span class=\"fwb fcg\" data-ft=\"{&quot;tn&quot;:&quot;;&quot;}\"><a href=\"https:\/\/imalanc.ro\/w\/wp-content\/uploads\/csalad-logo-web-kicsi-compressor.jpg\"><img loading=\"lazy\" decoding=\"async\" class=\"wp-image-14412 alignleft\" title=\"Gyulafeh\u00e9rv\u00e1ri Csal\u00e1dpasztor\u00e1ci\u00f3s K\u00f6zpont\" src=\"https:\/\/imalanc.ro\/w\/wp-content\/uploads\/csalad-logo-web-kicsi-compressor.jpg\" width=\"45\" height=\"49\" \/><\/a><a id=\"js_m\" href=\"https:\/\/www.facebook.com\/search\/top\/?q=gyulafeh%C3%A9rv%C3%A1ri%20csal%C3%A1dpasztor%C3%A1ci%C3%B3s%20k%C3%B6zpont\" target=\"_blank\" data-hovercard=\"\/ajax\/hovercard\/user.php?id=100001523152799&amp;extragetparams=%7B%22fref%22%3A%22nf%22%7D\">Gyulafeh\u00e9rv\u00e1ri Csal\u00e1dpasztor\u00e1ci\u00f3s K\u00f6zpont<br \/>\n<\/a><\/span><em>https:\/\/www.facebook.com\/gyulafeh\u00e9rv\u00e1ri csal\u00e1dpasztor\u00e1ci\u00f3s k\u00f6zpont<\/em><\/p>\n","protected":false},"excerpt":{"rendered":"Honlapok: Gyulafeh\u00e9rv\u00e1ri R\u00f3mai Katolikus \u00c9rseks\u00e9g www.ersekseg.ro Erd\u00e9lyben szerkesztett katolikus port\u00e1l www.romkat.ro Szatm\u00e1ri r\u00f3mai katolikus egyh\u00e1zmegye www.szatmariegyhazmegye.ro Gyulafeh\u00e9rv\u00e1ri Csal\u00e1dpasztor\u00e1ci\u00f3s K\u00f6zpont www.csalad.ro&#8230;","protected":false},"author":2,"featured_media":0,"parent":4,"menu_order":0,"comment_status":"closed","ping_status":"closed","template":"","meta":{"footnotes":""},"class_list":["post-422","page","type-page","status-publish","hentry"],"_links":{"self":[{"href":"https:\/\/imalanc.ro\/w\/wp-json\/wp\/v2\/pages\/422","targetHints":{"allow":["GET"]}}],"collection":[{"href":"https:\/\/imalanc.ro\/w\/wp-json\/wp\/v2\/pages"}],"about":[{"href":"https:\/\/imalanc.ro\/w\/wp-json\/wp\/v2\/types\/page"}],"author":[{"embeddable":true,"href":"https:\/\/imalanc.ro\/w\/wp-json\/wp\/v2\/users\/2"}],"replies":[{"embeddable":true,"href":"https:\/\/imalanc.ro\/w\/wp-json\/wp\/v2\/comments?post=422"}],"version-history":[{"count":15,"href":"https:\/\/imalanc.ro\/w\/wp-json\/wp\/v2\/pages\/422\/revisions"}],"predecessor-version":[{"id":14418,"href":"https:\/\/imalanc.ro\/w\/wp-json\/wp\/v2\/pages\/422\/revisions\/14418"}],"up":[{"embeddable":true,"href":"https:\/\/imalanc.ro\/w\/wp-json\/wp\/v2\/pages\/4"}],"wp:attachment":[{"href":"https:\/\/imalanc.ro\/w\/wp-json\/wp\/v2\/media?parent=422"}],"curies":[{"name":"wp","href":"https:\/\/api.w.org\/{rel}","templated":true}]}}